{"id":1297,"date":"2012-04-18T19:38:30","date_gmt":"2012-04-18T19:38:30","guid":{"rendered":"http:\/\/autismancaar.ro\/?page_id=1297"},"modified":"2012-04-18T19:38:30","modified_gmt":"2012-04-18T19:38:30","slug":"legea-autismului","status":"publish","type":"page","link":"http:\/\/autismancaar.ro\/ro\/despre-autism\/legea-autismului\/","title":{"rendered":"Legea Autismului"},"content":{"rendered":"<p><strong>Legea autismului exist\u0103 doar pe h\u00e2rtie.<\/strong><a href=\"http:\/\/www.youtube.com\/watch?v=YWeaXUsDOpU&amp;feature=youtu.be\"> VEZI VIDEO<\/a><br \/>\nLegea autismului nu poate fi aplicat\u0103 din lipsa normelor de aplicare.<br \/>\n\u00cen Legea autismului se spune c\u0103 aceast\u0103 afec\u0163iune va fi depistat\u0103 timpuriu la copiii cu v\u00e2rsta \u00eentre 0 \u015fi 3 ani, iar cei care sufer\u0103 de autism vor beneficia de servicii de recuperare \u015fi integrare social\u0103 gratuite.<br \/>\nP\u0103rin\u0163ii copiiilor cu autism au ajuns la limita r\u0103bd\u0103rii din cauz\u0103 c\u0103 Legea autismului, menit\u0103 s\u0103 \u00eei ajute, nu poate fi aplicat\u0103 nici acum cu toate c\u0103 au trecut doi ani de c\u00e2nd legea a fost publicat\u0103 \u00een Monitorul Oficial. Nu au ap\u0103rut \u00eens\u0103 normele de aplicare \u015fi astfel legea exist\u0103 degeaba.<br \/>\n\u201eCa p\u0103rin\u0163i ai unor copii suferind de tulbur\u0103ri din spectrul autist, am contribuit la elaborarea Legii 151\/2010, am trimis ulterior amendamente la normele propuse de Ministerul S\u0103n\u0103t\u0103\u0163ii \u00een 2011 \u015fi am trimis \u00een februarie 2011 scrisori deschise ministerelor care au obliga\u0163ia s\u0103 se asigure c\u0103 drepturile tuturor persoanelor cu autism sunt respectate&#8221;.<br \/>\nElena Mitrea adaug\u0103 c\u0103 \u201edin p\u0103cate, normele propuse de Ministerul S\u0103n\u0103t\u0103\u0163ii pentru implementarea acestei legi s-au dovedit a fi incomplete pentru gestionarea real\u0103, eficient\u0103 \u015fi cu succes a acestei probleme. \u00cen plus, nici m\u0103car aceste norme, a\u015fa incomplete, nu au fost aprobate, astfel \u00eenc\u00e2t, la doi ani de la aprobare, legea a r\u0103mas doar pe h\u00e2rtie&#8221;.<br \/>\n<strong>Peti\u0163ie pentru aplicarea legii<\/strong><br \/>\nP\u0103rin\u0163ii copiiilor cu autism consider\u0103 c\u0103 o peti\u0163ie adresat\u0103 primului ministru, Mihai R\u0103zvan Ungureanu \u015fi mai multor mini\u015ftri este singura speran\u0163\u0103 pentru aplicarea legii. P\u0103rin\u0163ii spun c\u0103 este nevoie de mari eforturi financiare pentru recuperarea unui copil cu autism, recuperare posibil\u0103 doar dac\u0103 boala a fost depistat\u0103 la timp. \u201eAm \u015fi eu un copil bolnav de autism \u015fi ar fi foarte bine s\u0103 ne acorde sprijin financiar. Doar p\u0103rin\u0163ii copiiilor \u015ftiu cu c\u00e2t efort financiar se recupereaz\u0103 un copil \u015fi asta \u00een cele mai fericite cazuri, dac\u0103 e diagnosticat la timp&#8221;, spune mama unui copil bolnav de autism, semnatar\u0103 a peti\u0163iei.<br \/>\n<strong> Ce ar trebui s\u0103 asigure statul p\u0103rin\u0163ilor \u015fi copiiilor<\/strong><br \/>\nPotrivit Legii autismului, depistarea precoce se face la copiii cu v\u00e2rsta cuprins\u0103 \u00eentre 0-3 ani. De asemenea, toate persoanele diagnosticate cu tulbur\u0103ri din spectrul autist \u015fi cu tulbur\u0103ri de s\u0103n\u0103tate mintal\u0103 asociate au acces liber la serviciile specializate integrate de s\u0103n\u0103tate, educa\u0163ie \u015fi sociale.<br \/>\nMinisterul S\u0103n\u0103t\u0103\u0163ii se joac\u0103 de-a alba-neagra cu decontarea terapiilor pentru persoanele cu autism. De\u015fi \u00een ordinul afi\u015fat pe site-ul ministerului, privind normele de aplicare a Legii 151\/2010, se vorbe\u015fte constant despre &#8222;interven\u0163iile specializate pre\u00adco\u00adce&#8221;, c\u00e2nd vine vorba despre decontare, acestea sunt s\u0103rite in\u00adten\u00ad\u0163i\u00ado\u00adnat. Chiar \u00een ordin, \u00een capitolul des\u00adpre finan\u0163are, se trece de la articolul 32 la articolul 34, etapa tratamentului psihoterapeutic disp\u0103r\u00e2nd cu to\u00adtul. Cu toate c\u0103 legea specific\u0103 clar &#8222;ac\u00adcesul liber la servicii integrate de s\u0103\u00adn\u0103\u00adtate, educa\u0163ie \u015fi sociale pentru per\u00adsoanele cu tulbur\u0103ri din spectrul au\u00adtist&#8221;. Prin urmare, dup\u0103 ce au citit or\u00addinul afi\u015fat pe site-ul Ministerului S\u0103\u00adn\u0103t\u0103\u0163ii, p\u0103\u00adrin\u0163ii copiilor cu autism \u015fi ONG-urile din domeniu se \u00een\u00adtrea\u00adb\u0103, pe bun\u0103 dreptate, ce au c\u00e2\u015ftigat \u00een plus.<br \/>\nEpopeea acestor norme ce trebu\u00adiau s\u0103 apar\u0103 \u00eenc\u0103 din luna oc\u00adtom\u00adbrie, conform Monitorului Oficial, a \u00een\u00adce\u00adput \u00eenc\u0103 \u00eenainte ca Legea 151\/2010 s\u0103 fie promulgat\u0103 \u00een iulie anul trecut. Trecerea proiectului legislativ prin comisiile de specialitate din Se\u00adnat a \u00eensemnat sub\u0163ierea prevederi\u00adlor dorite de p\u0103rin\u0163ii copiilor cu au\u00adtism. La Comisia de s\u0103n\u0103tate s-a scos ar\u00adti\u00adco\u00adlul ce vorbea exact despre de\u00adcon\u00adta\u00ad\u00ad\u00adrea terapiilor comportamentale, dar speciali\u015ftii prezen\u0163i la consult\u0103ri au spus c\u0103 aceste aspecte se vor putea re\u00ad\u00adgla \u00een normele de aplicare a legii.<br \/>\nDup\u0103 publicarea \u00een Monitorul Oficial a Legii autismului, Ministerul S\u0103n\u0103t\u0103\u0163ii \u015fi Casa Na\u0163ional\u0103 de Asigu\u00adr\u0103ri de S\u0103n\u0103tate trebuiau s\u0103 se consulte cu ministerele Muncii \u015fi Edu\u00adca\u00ad\u0163iei, cu speciali\u015fti \u015fi societatea civil\u0103 pentru a elabora normele, dar acest lucru nu s-a \u00eent\u00e2mplat. Re\u00adpre\u00adzen\u00adtan\u0163ii ministerului spun c\u0103 au trimis invita\u0163ii la ministere, dar nu au pri\u00admit nici un r\u0103spuns. Ca s\u0103 bifeze totu\u015fi c\u0103 s-au consultat cu cineva, cei de la mi\u00adnis\u00adter, prin Centrul Na\u0163ional de S\u0103\u00adn\u0103\u00adtate Mintal\u0103 \u015fi Lupt\u0103 Antidrog (CNSMLA), au organizat o \u00eent\u00e2lnire. Au ve\u00adnit re\u00adprezentan\u0163i ai ONG-urilor din \u0163ar\u0103, spe\u00adciali\u015fti \u015fi p\u0103rin\u0163i de copii au\u00adti\u015fti, \u00eens\u0103 nu li s-a pus la dispozi\u0163ie nicio cior\u00adn\u0103 a normelor pentru a face pr\u00ado\u00adpu\u00adneri. \u015ei, oricum, normele ur\u00admau s\u0103 apar\u0103 peste dou\u0103 zile pe site-ul mi\u00adnisterului \u00een forma deja decis\u0103 de ei.<\/p>\n","protected":false},"excerpt":{"rendered":"<p>Legea autismului exist\u0103 doar pe h\u00e2rtie. VEZI VIDEO Legea autismului nu poate fi aplicat\u0103 din lipsa normelor de aplicare. \u00cen Legea autismului se spune c\u0103 aceast\u0103 afec\u0163iune va fi depistat\u0103 timpuriu la copiii cu v\u00e2rsta \u00eentre 0 \u015fi 3 ani, iar cei care sufer\u0103 de autism vor beneficia de servicii de recuperare \u015fi integrare social\u0103 [&hellip;]<\/p>\n","protected":false},"author":2,"featured_media":0,"parent":10,"menu_order":0,"comment_status":"open","ping_status":"open","template":"page-contact.php","meta":{"ngg_post_thumbnail":0,"footnotes":""},"class_list":["post-1297","page","type-page","status-publish","hentry"],"_links":{"self":[{"href":"http:\/\/autismancaar.ro\/ro\/wp-json\/wp\/v2\/pages\/1297","targetHints":{"allow":["GET"]}}],"collection":[{"href":"http:\/\/autismancaar.ro\/ro\/wp-json\/wp\/v2\/pages"}],"about":[{"href":"http:\/\/autismancaar.ro\/ro\/wp-json\/wp\/v2\/types\/page"}],"author":[{"embeddable":true,"href":"http:\/\/autismancaar.ro\/ro\/wp-json\/wp\/v2\/users\/2"}],"replies":[{"embeddable":true,"href":"http:\/\/autismancaar.ro\/ro\/wp-json\/wp\/v2\/comments?post=1297"}],"version-history":[{"count":0,"href":"http:\/\/autismancaar.ro\/ro\/wp-json\/wp\/v2\/pages\/1297\/revisions"}],"up":[{"embeddable":true,"href":"http:\/\/autismancaar.ro\/ro\/wp-json\/wp\/v2\/pages\/10"}],"wp:attachment":[{"href":"http:\/\/autismancaar.ro\/ro\/wp-json\/wp\/v2\/media?parent=1297"}],"curies":[{"name":"wp","href":"https:\/\/api.w.org\/{rel}","templated":true}]}}