{"id":1315,"date":"2012-06-20T07:29:45","date_gmt":"2012-06-20T07:29:45","guid":{"rendered":"http:\/\/autismancaar.ro\/?page_id=1315"},"modified":"2019-07-01T11:51:59","modified_gmt":"2019-07-01T11:51:59","slug":"centrul-de-practica-in-autism","status":"publish","type":"page","link":"http:\/\/autismancaar.ro\/ro\/misiunea-ancaar\/centrul-de-practica-in-autism\/","title":{"rendered":"Centrul de Practica in Autism"},"content":{"rendered":"<p align=\"center\"><img loading=\"lazy\" decoding=\"async\" class=\"alignleft\" title=\"Untitled\" src=\"http:\/\/autismancaar.ro\/ro\/wp-content\/uploads\/2012\/06\/Untitled1-150x150.jpg\" alt=\"\" width=\"150\" height=\"150\"><strong>Activit\u0103\u021bile de la <em>Centrul de Practic\u0103 \u00een Autism<\/em>:<\/strong><\/p>\n<p>Proiectul&nbsp; Centrul de Practic\u0103 \u00een Autism (CPA) a \u00eenceput \u00een octombrie 2011, c\u00e2nd a fost deschis prin colaborarea cu Universitatea Spiru Haret, Facultatea de Psihologie.<\/p>\n<p>Centrul de Practic\u0103 \u00een&nbsp; Autism (CPA) a fost g\u0103zduit ini\u021bial \u00een sediul facult\u0103\u021bii \u015fi amenajat prin eforturi comune ale celor dou\u0103 institu\u0163ii devenind astfel <strong>primul centru de practic\u0103 \u00een domeniul autismului din Rom\u00e2nia, creat pentru studen\u0163ii \u0219i masteranzii de la specializarea Psihologie<\/strong>. Totu\u015fi, nevoia de informare \u015fi de specializare \u00een domeniu fiind at\u00e2t de mare, la activit\u0103\u0163ile CPA au participat \u00een decursul timpului \u015fi studen\u0163i \u0219i masteranzi din afara programului de practic\u0103 de la USH, \u015fi studen\u0163i de la alte facult\u0103\u0163i, dar \u015fi voluntari care se aflau \u00een curs de formare ca speciali\u015fti \u00een lucrul cu persoane cu autism.<\/p>\n<p>Ast\u0103zi CPA este g\u0103zduit \u00een Centrul ANCAAR din strada Despot Vod\u0103, num\u0103rul 45, sector 2, Bucure\u0219ti \u0219i este deschis tuturor studen\u021bilor, masteranzilor, participan\u021bilor la cursurile organizate de ANCAAR \u0219i voluntarilor ANCAAR.<\/p>\n<p>Programul de practic\u0103 de la CPA include \u00een prim\u0103 etap\u0103 informarea cu privire la Tulbur\u0103rile din Spectrul Autismului \u00een general \u015fi prezentarea modalit\u0103\u0163ilor de interven\u0163ie terapeutic\u0103 pentru toate categoriile de v\u00e2rst\u0103 ale persoanelor cu autism.<\/p>\n<p>A doua etap\u0103 a programului de practic\u0103 reprezint\u0103 asisten\u0163a participan\u021bilor la un num\u0103r de ore de terapie individual\u0103, de grup \u015fi ocupa\u0163ional\u0103 realizat\u0103 cu persoane cu autism de diferite v\u00e2rste \u015fi nivele de dezvoltare.<\/p>\n<p>A treia etap\u0103 const\u0103 \u00een interac\u021biunea cu beneficiarii centrului, activitate moderat\u0103 de terapeu\u021bii centrului.<\/p>\n<p>Fiecare zi \u00een care se desf\u0103\u0219oar\u0103 etapele doi \u0219i trei se termin\u0103 cu discu\u021bii \u00eentre participan\u021bii la programul de practic\u0103, supervizorul de practic\u0103 \u0219i coordonatorul centrului. La finalul fiec\u0103rei serii de practican\u021bi ace\u0219tia prezint\u0103 un referat referitor la ceea ce a \u00eensemnat experien\u021ba \u00een Centrul de Practic\u0103 \u00een Autism.<\/p>\n<p>Experien\u021ba anilor ce au trecut ne demonstreaz\u0103 importan\u021ba programului \u00een formarea viitorilor profesioni\u0219ti \u00een domeniul autismului \u0219i impactul \u00een dezvoltarea personal\u0103 a participan\u021bilor. Ne stau m\u0103rturie declara\u021biile acestora.<\/p>\n<p>\u201c<em>Experien\u021ba tr\u0103it\u0103 \u00een centrele ANCAAR a avut un aspect pozitiv \u00een via\u021ba mea. Am \u00eenv\u0103\u021bat corect ce \u00eenseamn\u0103 autismul. Interac\u021biunea cu aceste persoane a fost un plus pentru mine, am aflat lucruri despre mine, mi-am testat r\u0103bdarea \u0219i am dezvoltat o empatie puternic\u0103 fa\u021b\u0103 de oamenii din jurul meu. Am realizat ce \u00eenseamn\u0103 s\u0103 fii p\u0103rinte al unei persoane cu autism. Ace\u0219ti p\u0103rin\u021bi tr\u0103iesc \u00eentr-o continu\u0103 lupt\u0103 cu ei \u00eens\u0103\u0219i \u0219i cu mediul unde convie\u021buiesc.<\/em>\u201d&nbsp;&nbsp;&nbsp;&nbsp;&nbsp;&nbsp;&nbsp;&nbsp;&nbsp;&nbsp;&nbsp;&nbsp;&nbsp;&nbsp;&nbsp;&nbsp;<\/p>\n<p style=\"text-align: right;\">Student\u0103 CPA<\/p>\n<p>&nbsp;&nbsp;&nbsp;&nbsp;&nbsp;&nbsp;&nbsp;&nbsp;&nbsp;&nbsp;&nbsp; \u201e<em>Venirea mea la ANCAAR \u00een Centrul de Practic\u0103 \u00een Autism a fost una valoroas\u0103. Am \u00een\u021beles c\u0103 oamenii nu \u0219tiu nimic despre aceste persoane \u0219i pun etichete foarte u\u0219or. Fiind prima mea experien\u021b\u0103 \u00een a interac\u021biona cu astfel de persoane, am traversat un amalgam de sim\u021b\u0103minte. Recunosc c\u0103 primele dou\u0103 \u00eent\u00e2lniri cu ei au avut un impact foarte mare asupra mea sim\u021bindu-m\u0103 foarte r\u0103u, chiar somatiz\u00e2nd.<\/em><\/p>\n<p><em>Viziunea a devenit mai clar\u0103 atunci c\u00e2nd am privit spre interior \u0219i am integrat toate cele tr\u0103ite. Am con\u0219tientizat \u0219i am \u00een\u021beles c\u0103 \u0219i eu am probleme \u00een a crea leg\u0103turi \u0219i rela\u021bii cu aceste persoane. Am \u00eenv\u0103\u021bat c\u00e2t este de important s\u0103 fii un bun observator, ascult\u0103tor, s\u0103 p\u0103strezi contactul vizual \u0219i s\u0103 transmi\u021bi mesaje clare atunci c\u00e2nd interac\u021bionezi cu ei. Am \u00eenv\u0103\u021bat despre r\u0103bdare, compasiune, bun\u0103tate, toleran\u021b\u0103, recuno\u0219tin\u021b\u0103, flexibilitate \u0219i desigur despre aprecierea lucrurilor.\u201d<\/em><\/p>\n<p style=\"text-align: right;\">Masterand\u0103 CPA<\/p>\n<p>\u201e<em>Stagiul de practic\u0103 a reprezentat o experien\u021b\u0103 ce mi-a dat posibilitatea s\u0103 am acces la o lume atipic\u0103 pe care am putut s\u0103 o reconsider; prin prisma c\u0103reia mi-am accesat abilit\u0103\u021bi ce \u00een via\u021ba cotidian\u0103 sunt mai greu de dob\u00e2ndit, pornind de la principiul egalit\u0103\u021bii.<\/em><\/p>\n<p><em>Mi-au pl\u0103cut terapeu\u021bii profesioni\u0219ti a c\u0103ror modalit\u0103\u021bi de abordare mi-au fost modele. Ambientul c\u0103lduros \u00een care se desf\u0103\u0219oar\u0103 tipuri de terapii psiho-fizico-emo\u021bionale duc c\u0103tre o abordare holistic\u0103 pe care am perceput-o a fi aliniamentul interior la care tinde s\u0103 se ajung\u0103 \u00een scopul eficacit\u0103\u021bii.&nbsp; Am apreciat spontaneitatea personalizat\u0103 pentru fiecare caz&#8230; Beneficiarii au fost profesorii mei \u0219i le mul\u021bumesc pentru tot ce m-au \u00eenv\u0103\u021bat prin interac\u021biune!<\/em>\u201d<\/p>\n<p style=\"text-align: right;\">Student\u0103 CPA<\/p>\n<p>&nbsp;<\/p>\n<p>Georgeta Cri\u0219u,<\/p>\n<p>Pre\u0219edinte ANCAAR<\/p>\n","protected":false},"excerpt":{"rendered":"<p>Activit\u0103\u021bile de la Centrul de Practic\u0103 \u00een Autism: Proiectul&nbsp; Centrul de Practic\u0103 \u00een Autism (CPA) a \u00eenceput \u00een octombrie 2011, c\u00e2nd a fost deschis prin colaborarea cu Universitatea Spiru Haret, Facultatea de Psihologie. Centrul de Practic\u0103 \u00een&nbsp; Autism (CPA) a fost g\u0103zduit ini\u021bial \u00een sediul facult\u0103\u021bii \u015fi amenajat prin eforturi comune ale celor dou\u0103 institu\u0163ii [&hellip;]<\/p>\n","protected":false},"author":2,"featured_media":0,"parent":6,"menu_order":2,"comment_status":"open","ping_status":"open","template":"","meta":{"ngg_post_thumbnail":0,"footnotes":""},"class_list":["post-1315","page","type-page","status-publish","hentry"],"_links":{"self":[{"href":"http:\/\/autismancaar.ro\/ro\/wp-json\/wp\/v2\/pages\/1315","targetHints":{"allow":["GET"]}}],"collection":[{"href":"http:\/\/autismancaar.ro\/ro\/wp-json\/wp\/v2\/pages"}],"about":[{"href":"http:\/\/autismancaar.ro\/ro\/wp-json\/wp\/v2\/types\/page"}],"author":[{"embeddable":true,"href":"http:\/\/autismancaar.ro\/ro\/wp-json\/wp\/v2\/users\/2"}],"replies":[{"embeddable":true,"href":"http:\/\/autismancaar.ro\/ro\/wp-json\/wp\/v2\/comments?post=1315"}],"version-history":[{"count":6,"href":"http:\/\/autismancaar.ro\/ro\/wp-json\/wp\/v2\/pages\/1315\/revisions"}],"predecessor-version":[{"id":3506,"href":"http:\/\/autismancaar.ro\/ro\/wp-json\/wp\/v2\/pages\/1315\/revisions\/3506"}],"up":[{"embeddable":true,"href":"http:\/\/autismancaar.ro\/ro\/wp-json\/wp\/v2\/pages\/6"}],"wp:attachment":[{"href":"http:\/\/autismancaar.ro\/ro\/wp-json\/wp\/v2\/media?parent=1315"}],"curies":[{"name":"wp","href":"https:\/\/api.w.org\/{rel}","templated":true}]}}