{"id":3575,"date":"2020-10-14T10:11:30","date_gmt":"2020-10-14T10:11:30","guid":{"rendered":"http:\/\/autismancaar.ro\/ro\/?page_id=3575"},"modified":"2020-10-14T10:11:30","modified_gmt":"2020-10-14T10:11:30","slug":"toleranta-si-respect","status":"publish","type":"page","link":"http:\/\/autismancaar.ro\/ro\/despre-autism\/toleranta-si-respect\/","title":{"rendered":"Toleran\u021b\u0103 \u0219i Respect"},"content":{"rendered":"<p><em>Plou\u0103 domol. O vreme umed\u0103, cu miros de toamn\u0103. Tribuna \u0219ubred\u0103 e plin\u0103 ochi de p\u0103rin\u021bi emo\u021biona\u021bi. Le sim\u021bi tensiunea. Parc\u0103 nimeni nu respir\u0103, se aud \u0219oapte sau mici suspine. La un anumit moment aplaud\u0103 cu to\u021bii \u0219i \u00ee\u0219i exprim\u0103 bucuria. Mamele trimit pupici pe pale de v\u00e2nt iar ta\u021bii se felicit\u0103 reciproc. Este un moment \u00eencordat at\u00e2t pentru p\u0103rin\u021bi, c\u00e2t \u0219i pentru micii campioni. \u00cen fa\u021ba acestui tablou se plimb\u0103 non\u0219alant grupuri de p\u0103rin\u021bi deta\u0219a\u021bi, f\u0103c\u00e2nd remarci frivole legate de echipamentul juc\u0103torilor sau de \u021binuta antrenorului. Este loc s\u0103 ocoleasc\u0103 tribuna, dar nu o fac. Ba chiar \u00ee\u0219i petrec restul minutelor p\u00e2n\u0103 la \u00eenceperea meciului urm\u0103tor f\u0103c\u00e2nd drumuri dute-vino&#8230; Dup\u0103 50 de minute, grupul de p\u0103rin\u021bi p\u0103r\u0103se\u0219te tribuna, iar cei care se plimbau, se a\u0219eaz\u0103 pe scaunele \u0219ubrede pentru aproape o or\u0103 de tensiune \u0219i speran\u021b\u0103. E r\u00e2ndul lor s\u0103 urm\u0103reasc\u0103 meciul cu sufletul la gur\u0103 printre mul\u021bimi de oameni deta\u0219a\u021bi, ce nu dau doi bani pe tr\u0103irea lor&#8230;<\/em><\/p>\n<p>Un tablou cotidian. Un tablou cu oameni, ce au pierdut umanitatea. Oameni preocupa\u021bi de interese personale, f\u0103r\u0103 de respect pentru tr\u0103irea celui de l\u00e2ng\u0103 el. Acest individualism dus la extrem p\u00e2n\u0103 la cruzime fa\u021b\u0103 de partenerul social ce creeaz\u0103 disconfort sau deta\u0219are\/ libertate \u00een func\u021bie de care parte a baricadei e\u0219ti surprins. Cu timpul, \u00eenve\u021bi \u0219abloane pentru a face fa\u021b\u0103 acestor situa\u021bii, dar pu\u021bini sunt cei care iau ini\u021biativa de a-\u0219i schimba atitudinea \u00een realitate. Acest respect pentru fiin\u021ba de l\u00e2ng\u0103 tine \u0219i fa\u021b\u0103 de tr\u0103irile sale este azi tradus \u0219i prin toleran\u021b\u0103 \u0219i compasiune.<\/p>\n<p>Toler\u0103m persoane, comportamente, anturaje, conjuncturi. Toler\u0103m \u0219i facem o bravad\u0103 din asta. Orice persoan\u0103 ce pare inferioar\u0103 nou\u0103 va avea nevoie absolut de toleran\u021b\u0103 iar noi vom avea dreptul s\u0103 o ar\u0103t\u0103m sau nu, \u00een func\u021bie de starea noastr\u0103 personal\u0103 \u0219i de dispozi\u021bie. Este un tablou pe c\u00e2t de crud, pe c\u00e2t de adev\u0103rat! Mai mult, orice persoan\u0103 cu dizabilitate se presupune c\u0103 are nevoie de toleran\u021b\u0103 \u0219i compasiune! Eticheta deja \u00eei condamn\u0103. Judecata va fi mult mai aspr\u0103 pentru c\u0103 sunt vulnerabili. To\u021bi ceilal\u021bi au ocazia s\u0103 fac\u0103 bravad\u0103 cu atitudinea lor sau au ocazia s\u0103 \u00eentoarc\u0103 spatele. Cel mai trist este atunci c\u00e2nd apar\u021bin\u0103torii acestor persoane aplic\u0103 acela\u0219i tratament altor persoane cu dizabilit\u0103\u021bi. Tr\u0103irile \u0219i nevoile proprii primeaz\u0103&#8230; sau conteaz\u0103 omul mai apropiat de ei, de familia lor. V\u0103zu\u021bi din afar\u0103, se poate vedea c\u0103 au pierdut \u0219i acel pic de umanitate, \u00een lupta lor cu destinul. O diformitate&#8230;<\/p>\n<p>Este deja \u00eemp\u0103m\u00e2ntenit \u0219i este nevoie de mult\u0103 sinceritate \u0219i corectitudine pentru a identifica \u0219i a recunoa\u0219te aceste deform\u0103ri sociale. Luciditatea \u00een g\u00e2ndire vine odat\u0103 cu pozi\u021bionarea corect\u0103 a propriei persoane fa\u021b\u0103 de ceilal\u021bi membri ai societ\u0103\u021bii. <strong>Nu e\u0219ti mai special, mai favorizat<\/strong><strong>; <\/strong><strong>nici m\u0103car superior. E\u0219ti om \u00eentre oameni.<\/strong> P\u00e2n\u0103 la toleran\u021b\u0103, ofer\u0103 RESPECTUL pentru acea fiin\u021b\u0103 \u0219i pentru tr\u0103irile sale!<\/p>\n<p>\u00centr-un final, drag\u0103 Om, fiin\u021b\u0103 uman\u0103 \u0219i social\u0103, nu uita c\u0103 aceast\u0103 toleran\u021b\u0103 despre care toat\u0103 lumea vorbe\u0219te este respectul fa\u021b\u0103 de cel de l\u00e2ng\u0103 tine \u0219i fa\u021b\u0103 de tr\u0103irile sale.<\/p>\n<p>Andreea Ognean,<\/p>\n<p>Psiholog Clinician ANCAAR<\/p>\n","protected":false},"excerpt":{"rendered":"<p>Plou\u0103 domol. O vreme umed\u0103, cu miros de toamn\u0103. Tribuna \u0219ubred\u0103 e plin\u0103 ochi de p\u0103rin\u021bi emo\u021biona\u021bi. Le sim\u021bi tensiunea. Parc\u0103 nimeni nu respir\u0103, se aud \u0219oapte sau mici suspine. La un anumit moment aplaud\u0103 cu to\u021bii \u0219i \u00ee\u0219i exprim\u0103 bucuria. Mamele trimit pupici pe pale de v\u00e2nt iar ta\u021bii se felicit\u0103 reciproc. Este un [&hellip;]<\/p>\n","protected":false},"author":1,"featured_media":0,"parent":10,"menu_order":0,"comment_status":"closed","ping_status":"closed","template":"","meta":{"ngg_post_thumbnail":0,"footnotes":""},"class_list":["post-3575","page","type-page","status-publish","hentry"],"_links":{"self":[{"href":"http:\/\/autismancaar.ro\/ro\/wp-json\/wp\/v2\/pages\/3575","targetHints":{"allow":["GET"]}}],"collection":[{"href":"http:\/\/autismancaar.ro\/ro\/wp-json\/wp\/v2\/pages"}],"about":[{"href":"http:\/\/autismancaar.ro\/ro\/wp-json\/wp\/v2\/types\/page"}],"author":[{"embeddable":true,"href":"http:\/\/autismancaar.ro\/ro\/wp-json\/wp\/v2\/users\/1"}],"replies":[{"embeddable":true,"href":"http:\/\/autismancaar.ro\/ro\/wp-json\/wp\/v2\/comments?post=3575"}],"version-history":[{"count":1,"href":"http:\/\/autismancaar.ro\/ro\/wp-json\/wp\/v2\/pages\/3575\/revisions"}],"predecessor-version":[{"id":3576,"href":"http:\/\/autismancaar.ro\/ro\/wp-json\/wp\/v2\/pages\/3575\/revisions\/3576"}],"up":[{"embeddable":true,"href":"http:\/\/autismancaar.ro\/ro\/wp-json\/wp\/v2\/pages\/10"}],"wp:attachment":[{"href":"http:\/\/autismancaar.ro\/ro\/wp-json\/wp\/v2\/media?parent=3575"}],"curies":[{"name":"wp","href":"https:\/\/api.w.org\/{rel}","templated":true}]}}