{"id":3577,"date":"2020-10-14T10:12:12","date_gmt":"2020-10-14T10:12:12","guid":{"rendered":"http:\/\/autismancaar.ro\/ro\/?page_id=3577"},"modified":"2020-10-14T10:12:12","modified_gmt":"2020-10-14T10:12:12","slug":"jocul-de-a-teoria-mintii","status":"publish","type":"page","link":"http:\/\/autismancaar.ro\/ro\/despre-autism\/jocul-de-a-teoria-mintii\/","title":{"rendered":"Jocul de-a teoria min\u021bii"},"content":{"rendered":"<p>Autismul a devenit un subiect excesiv discutat \u0219i mediatizat din multe motive, unele neav\u00e2nd leg\u0103tur\u0103 cu problematica \u00een sine, ci mai degrab\u0103 cu afacerea ce se tot dezvolt\u0103 pornind de la cazuistica mereu crescut\u0103 din acest domeniu. Speciali\u0219ti mai mult sau mai pu\u021bin aviza\u021bi, persoane \u00een c\u0103utarea unui loc de munc\u0103 bine pl\u0103tit, persoane care profit\u0103 de familiile disperate, f\u0103r\u0103 a se g\u00e2ndi sau a empatiza c\u00e2tu\u0219i de pu\u021bin cu acestea&#8230; Este un tablou al societ\u0103\u021bii actuale cu tema \u201cautism\u201d. &nbsp;Se desface firul \u00een zece, se diversific\u0103 a\u0219a zisele modalit\u0103\u021bi de interven\u021bie. Nu ar fi r\u0103u dac\u0103 acestea ar avea la baz\u0103 dorin\u021ba de a facilita accesul persoanei cu TSA la \u00eenv\u0103\u021barea corect\u0103 \u0219i func\u021bional\u0103 de comportamente. Aparent a\u0219a este, \u00een realitate vorbim de tentacule ale unei caracati\u021be care se tot dezvolt\u0103&#8230;<\/p>\n<p>Un lucru este limpede, persoana cu autism are nevoie de program structurat pe toate ariile de dezvoltare, clar, coerent, consecvent. Este nevoie de \u00eenterp\u0103trunderea acestora \u0219i de asigurarea terapeutului c\u0103 \u00eenv\u0103\u021barea este real\u0103. Cunoa\u0219terea persoanei \u0219i a modului \u00een care ea func\u021bioneaz\u0103 r\u0103m\u00e2ne baza \u00eenv\u0103\u021b\u0103rii. Nu vorbim de un copil tipic pe care-l trimitem la medita\u021bie la matematic\u0103, vorbim de persoane la care \u00eenv\u0103\u021barea este specific\u0103 individului \u0219i nu func\u021bioneaz\u0103 pe reguli general valabile.<\/p>\n<p>\u201cPentru cineva cu autism, realitatea este o mas\u0103 compact\u0103 \u0219i confuz\u0103 de evenimente, oameni, locuri, zgomote \u0219i imagini care se \u00eentrep\u0103trund. \u00centre toate acestea pare c\u0103 nu exist\u0103 grani\u021be clare, ordine sau semnifica\u021bii. Cea mai mare parte a vie\u021bii mele a constat \u00een \u00eencercarea mea de a descoperi regularitatea \u00een toate acestea\u2026Chiar \u0219i atunci c\u00e2nd vreau s\u0103 iau parte la un eveniment, creierul meu refuz\u0103 s\u0103-mi arate cum m\u0103 pot organiza.\u201d &#8211; Therese Jolliffe, persoan\u0103 cu autism.<\/p>\n<p>Deficitele \u00een interac\u021biunea social\u0103 \u0219i comunicare sunt cele care afecteaz\u0103 tot spectrul, indiferent unde este individul pe axa acestui spectru. Aceast\u0103 interac\u021biune este bazat\u0103 \u0219i pe teoria min\u021bii. Ea nu poate fi rupt\u0103 din context atunci c\u00e2nd se face terapie.<\/p>\n<p>Comportamentul ce se \u00eenva\u021b\u0103 este total func\u021bional atunci c\u00e2nd el poate fi expus altei persoane \u00een termeni de reciprocitate \u00eentre acestea, ce g\u00e2nde\u0219te \u0219i ce simte persoana respectiv\u0103. Acesta este dezideratul, unde \u0219i c\u00e2t se poate face, nu \u0219tim. Depinde de fiecare individ. Fiecare persoan\u0103 tipic\u0103 sau autist\u0103 are propria lume interioar\u0103. Capacitatea individual\u0103 de a \u00een\u021belege c\u0103 alt\u0103 persoan\u0103 g\u00e2nde\u0219te diferit de tine, chiar dac\u0103 este vorba de acela\u0219i context, este ceva ce greu o deprinde \u0219i persoana tipic\u0103. \u00cen\u021belegerea comportamentului altei persoane \u0219i anticiparea a ceea ce va face, este totdeauna raportat\u0103 la \u00eenc\u0103rc\u0103tura mental\u0103 individual\u0103. \u00cen comunicare se caut\u0103 mereu sensul spuselor \u0219i inten\u021bia comunicativ\u0103, nu doar parcurgerea cuvintelor spuse. <strong>Nu \u00eenseamn\u0103 c\u0103 nu trebuie lucrat! Dar oameni buni, profesioni\u0219ti care v\u0103 respecta\u021bi statutul, face\u021bi lucrurile corect \u0219i nu vinde\u021bi vise, pe bani grei, unor oameni dispera\u021bi! <\/strong>Toate se lucreaz\u0103 \u00een programul normal, \u00een oportunit\u0103\u021bile create pentru terapia persoanei. Altfel, \u00eentrebarea fireasc\u0103 este aceasta:<\/p>\n<p>&nbsp;Unde este teoria min\u021bii, la voi? L\u0103sa\u021bi jocul de-a teoria min\u021bii \u0219i face\u021bi terapie !<\/p>\n<p><strong>Urma\u021bi pa\u0219ii fire\u0219ti \u00een terapie f\u0103r\u0103 s\u0103 uita\u021bi de g\u00e2ndirea asociativ\u0103, nediscriminatorie, raportat\u0103 la percep\u021bia fragmentar\u0103 a persoanei cu TSA.<\/strong><\/p>\n<p style=\"text-align: left;\">Georgeta Cri\u0219u,<\/p>\n<p>Psihopedagog ANCAAR<\/p>\n","protected":false},"excerpt":{"rendered":"<p>Autismul a devenit un subiect excesiv discutat \u0219i mediatizat din multe motive, unele neav\u00e2nd leg\u0103tur\u0103 cu problematica \u00een sine, ci mai degrab\u0103 cu afacerea ce se tot dezvolt\u0103 pornind de la cazuistica mereu crescut\u0103 din acest domeniu. Speciali\u0219ti mai mult sau mai pu\u021bin aviza\u021bi, persoane \u00een c\u0103utarea unui loc de munc\u0103 bine pl\u0103tit, persoane care [&hellip;]<\/p>\n","protected":false},"author":1,"featured_media":0,"parent":10,"menu_order":0,"comment_status":"closed","ping_status":"closed","template":"","meta":{"ngg_post_thumbnail":0,"footnotes":""},"class_list":["post-3577","page","type-page","status-publish","hentry"],"_links":{"self":[{"href":"http:\/\/autismancaar.ro\/ro\/wp-json\/wp\/v2\/pages\/3577","targetHints":{"allow":["GET"]}}],"collection":[{"href":"http:\/\/autismancaar.ro\/ro\/wp-json\/wp\/v2\/pages"}],"about":[{"href":"http:\/\/autismancaar.ro\/ro\/wp-json\/wp\/v2\/types\/page"}],"author":[{"embeddable":true,"href":"http:\/\/autismancaar.ro\/ro\/wp-json\/wp\/v2\/users\/1"}],"replies":[{"embeddable":true,"href":"http:\/\/autismancaar.ro\/ro\/wp-json\/wp\/v2\/comments?post=3577"}],"version-history":[{"count":1,"href":"http:\/\/autismancaar.ro\/ro\/wp-json\/wp\/v2\/pages\/3577\/revisions"}],"predecessor-version":[{"id":3578,"href":"http:\/\/autismancaar.ro\/ro\/wp-json\/wp\/v2\/pages\/3577\/revisions\/3578"}],"up":[{"embeddable":true,"href":"http:\/\/autismancaar.ro\/ro\/wp-json\/wp\/v2\/pages\/10"}],"wp:attachment":[{"href":"http:\/\/autismancaar.ro\/ro\/wp-json\/wp\/v2\/media?parent=3577"}],"curies":[{"name":"wp","href":"https:\/\/api.w.org\/{rel}","templated":true}]}}