{"id":866,"date":"2011-10-12T18:37:22","date_gmt":"2011-10-12T18:37:22","guid":{"rendered":"http:\/\/autismancaar.ro\/?page_id=866"},"modified":"2014-11-03T15:44:14","modified_gmt":"2014-11-03T15:44:14","slug":"866-2","status":"publish","type":"page","link":"http:\/\/autismancaar.ro\/ro\/noutati-2\/cursuri\/866-2\/","title":{"rendered":"Eu sunt special"},"content":{"rendered":"<p align=\"center\"><b>PROGRAMA TRAINING<\/b><\/p>\n<p><b><i>Trainingul formativ \u201cInterven\u021bie terapeutic\u0103 \u00een autism prin metoda Eu sunt special\u201d<\/i><\/b>\u00a0va avea ca obiectiv dob\u00e2ndirea cuno\u0219tin\u021belor de aplicare a metodei de terapie\u00a0<i>Eu sunt special<\/i>\u00a0\u00een cazul persoanelor cu autism, a familiilor acestora \u0219i a speciali\u0219tilor cu care lucreaz\u0103 ace\u0219tia.<\/p>\n<p>Specialit\u0103\u021bile profesionale pentru care se asigur\u0103 formarea: psihopedagogi, logopezi, psihologi clinicieni, consilieri, psihoterapeu\u021bi etc. care doresc s\u0103 aprofundeze domeniul de interven\u021bie terapeutic\u0103 \u00een lucrul cu persoanele cu TSA.<\/p>\n<p><b><i>Competen\u021belor lor:<\/i><\/b>\u00a0experien\u0163\u0103 \u00een lucrul cu persoanele cu autism, participarea la cursuri anterioare de interven\u021bie terapeutic\u0103 la persoanele cu autism \u0219i cuno\u0219tinte generale \u0219i specifice despre TSA<\/p>\n<p><b>CON\u021aINUTUL TRAININGULUI-ULUI<\/b><\/p>\n<p><b><\/b>I.Prezentarea metodei de interven\u021bie \u00een cazul persoanelor cu autism (3 ore)<\/p>\n<ul>\n<li>Achizi\u021bionarea abilit\u0103\u021bilor sociale<\/li>\n<li>Managementul situa\u021biilor de criz\u0103<\/li>\n<li>Cunoa\u0219terea \u0219i dezvoltarea imaginii de sine, a talentelor<\/li>\n<\/ul>\n<p>II.\u00a0\u00a0\u00a0Prezentarea metodei de interven\u021bie \u00een cazul familiei persoanei cu autism\/speciali\u0219ti implica\u021bi (3 ore)<\/p>\n<ul>\n<li>Gestionarea diagnosticului \u00een cazul p\u0103rin\u021bilor \u0219i a fra\u021bilor<\/li>\n<li>Metoda socratic\u0103 \u00een cazul speciali\u0219tilor<\/li>\n<li>Dezvoltarea abilit\u0103\u021bilor de comunicare<\/li>\n<\/ul>\n<p><b>OBIECTIVE<\/b><br \/>\nLa finalul trainingului participan\u021bii:<\/p>\n<ul>\n<li>au \u00een\u021beles particularit\u0103\u021bile metodei\u00a0<i>Eu sunt special<\/i>;<\/li>\n<li>sunt capabili s\u0103 identifice \u0219i s\u0103 aplice abordarea corect\u0103 \u00een contactul cu persoana cu autism\/familie pornind de la principiile metodei\u00a0<i>Eu sunt special<\/i><\/li>\n<li>au dob\u00e2ndit cuno\u0219tin\u021be privind aplicarea fi\u0219elor de lucru ale metodei;<\/li>\n<li>\u0219i-au dezvoltat abilit\u0103\u021bile de analiz\u0103 a unei situa\u021bii de criz\u0103 pentru o persoan\u0103 cu autism \u0219i cunosc abordarea corecte conform\u0103 cu principiile metodei;<\/li>\n<li>\u0219i-au dezvoltat abilit\u0103\u021bile de comunicare cu o persoan\u0103 cu autism\/familie\/specialist implicat<\/li>\n<\/ul>\n<p><b>TEME:<\/b><\/p>\n<ul>\n<li>Principii de baz\u0103 ale metodei\u00a0<i>Eu sunt special<\/i><\/li>\n<li>Metoda socratic\u0103<\/li>\n<li>Metoda socrautic\u0103 \u0219i g\u00e2ndirea persoanelor cu TSA<\/li>\n<li>Spectrul autismului, comunicarea \u0219i imagina\u021bia \u2013 modalit\u0103\u021bi de abordare terapeutic\u0103<\/li>\n<li>Aplicarea fi\u0219elor de lucru la copiii cu autism<\/li>\n<li>Aplicarea fi\u0219elor de lucru la adolescen\u021bii \u0219i adul\u021bii cu autism<\/li>\n<li><i>Eu sunt special<\/i>\u00a0pentru fra\u021bi \u0219i surori<\/li>\n<li><i>Eu sunt special<\/i>\u00a0pentru colegi<\/li>\n<\/ul>\n<p>DATE ORGANIZATORICE<\/p>\n<ul>\n<li>Durata workshopului: 6 ore, 2 zile consecutive<b><i><\/i><\/b><\/li>\n<li>Nr. de participanti: grupa de 20 de persoane<\/li>\n<li>Certificat de participare<\/li>\n<li>Organizarea testului de absolvire<\/li>\n<li>Coffee- break<\/li>\n<\/ul>\n<p><b><i>Prezen\u021ba la training<\/i><\/b>\u00a0se face \u00een baza\u00a0\u00eenscrierii fiec\u0103rui solicitant prin completarea unui formular de \u00eenscriere, scrisoare de intentie unde se prezint\u0103 experien\u021ba de lucru cu persoanele cu autism. Fiecare participant va de\u021bine dovada achit\u0103rii taxei de \u00eenscriere de 150 ron.<\/p>\n<p><strong>Persoana de contact: Georgeta Cri\u0219u, tel. 0726 207 808, sau prin email la office@autismancaar.ro<\/strong><\/p>\n","protected":false},"excerpt":{"rendered":"<p>PROGRAMA TRAINING Trainingul formativ \u201cInterven\u021bie terapeutic\u0103 \u00een autism prin metoda Eu sunt special\u201d\u00a0va avea ca obiectiv dob\u00e2ndirea cuno\u0219tin\u021belor de aplicare a metodei de terapie\u00a0Eu sunt special\u00a0\u00een cazul persoanelor cu autism, a familiilor acestora \u0219i a speciali\u0219tilor cu care lucreaz\u0103 ace\u0219tia. Specialit\u0103\u021bile profesionale pentru care se asigur\u0103 formarea: psihopedagogi, logopezi, psihologi clinicieni, consilieri, psihoterapeu\u021bi etc. care [&hellip;]<\/p>\n","protected":false},"author":2,"featured_media":0,"parent":1115,"menu_order":0,"comment_status":"open","ping_status":"closed","template":"","meta":{"ngg_post_thumbnail":0,"footnotes":""},"class_list":["post-866","page","type-page","status-publish","hentry"],"_links":{"self":[{"href":"http:\/\/autismancaar.ro\/ro\/wp-json\/wp\/v2\/pages\/866","targetHints":{"allow":["GET"]}}],"collection":[{"href":"http:\/\/autismancaar.ro\/ro\/wp-json\/wp\/v2\/pages"}],"about":[{"href":"http:\/\/autismancaar.ro\/ro\/wp-json\/wp\/v2\/types\/page"}],"author":[{"embeddable":true,"href":"http:\/\/autismancaar.ro\/ro\/wp-json\/wp\/v2\/users\/2"}],"replies":[{"embeddable":true,"href":"http:\/\/autismancaar.ro\/ro\/wp-json\/wp\/v2\/comments?post=866"}],"version-history":[{"count":2,"href":"http:\/\/autismancaar.ro\/ro\/wp-json\/wp\/v2\/pages\/866\/revisions"}],"predecessor-version":[{"id":3511,"href":"http:\/\/autismancaar.ro\/ro\/wp-json\/wp\/v2\/pages\/866\/revisions\/3511"}],"up":[{"embeddable":true,"href":"http:\/\/autismancaar.ro\/ro\/wp-json\/wp\/v2\/pages\/1115"}],"wp:attachment":[{"href":"http:\/\/autismancaar.ro\/ro\/wp-json\/wp\/v2\/media?parent=866"}],"curies":[{"name":"wp","href":"https:\/\/api.w.org\/{rel}","templated":true}]}}