{"id":100,"date":"2011-03-14T14:08:35","date_gmt":"2011-03-14T14:08:35","guid":{"rendered":"http:\/\/autismancaar.ro\/?page_id=100"},"modified":"2025-01-08T13:38:42","modified_gmt":"2025-01-08T13:38:42","slug":"activitatea-asociatiei","status":"publish","type":"page","link":"https:\/\/autismancaar.ro\/ro\/misiunea-ancaar\/activitatea-asociatiei\/","title":{"rendered":"Activitatea Asociatiei"},"content":{"rendered":"<ul>\n<li><a href=\"http:\/\/autismancaar.ro\/ro\/wp-content\/uploads\/2025\/01\/RAPORT-DE-ACTIVITATE-2024.pdf\" target=\"_blank\" rel=\"noopener\"><strong>Raportul de activitate al anului 2024<\/strong><\/a><\/li>\n<li><strong><a href=\"http:\/\/autismancaar.ro\/ro\/wp-content\/uploads\/2025\/01\/RAPORT-DE-ACTIVITATE-2023.pdf\" target=\"_blank\" rel=\"noopener\">Raportul de activitate al anului 2023<\/a><\/strong><\/li>\n<li><a href=\"http:\/\/autismancaar.ro\/ro\/wp-content\/uploads\/2023\/01\/RAPORT-DE-ACTIVITATE-2022.pdf\" target=\"_blank\" rel=\"noopener\"><strong>Raportul de activitate al anului 2022<\/strong><\/a><\/li>\n<li><a href=\"http:\/\/autismancaar.ro\/ro\/wp-content\/uploads\/2022\/03\/RAPORT-DE-ACTIVITATE-2021.pdf\" target=\"_blank\" rel=\"noopener\"><strong>Raportul de activitate al anului 2021<\/strong><\/a><\/li>\n<li><strong><a href=\"http:\/\/autismancaar.ro\/ro\/wp-content\/uploads\/2021\/04\/RAPORT-DE-ACTIVITATE-2020.pdf\" target=\"_blank\" rel=\"noopener noreferrer\">Raportul de activitate al anului 2020<\/a><\/strong><\/li>\n<li><strong><a href=\"http:\/\/autismancaar.ro\/ro\/wp-content\/uploads\/2020\/01\/RAPORT-DE-ACTIVITATE-2019.pdf\" target=\"_blank\" rel=\"noopener noreferrer\">Raportul de activitate al anului 2019<\/a><\/strong><\/li>\n<li><strong><a href=\"http:\/\/autismancaar.ro\/ro\/wp-content\/uploads\/2019\/01\/RAPORT-DE-ACTIVITATE-2018.pdf\" target=\"_blank\" rel=\"noopener noreferrer\">Raportul de activitate al anului 2018<\/a><\/strong><\/li>\n<li><strong><a href=\"http:\/\/autismancaar.ro\/ro\/wp-content\/uploads\/2018\/01\/RAPORT-DE-ACTIVITATE-2017.pdf\" target=\"_blank\" rel=\"noopener noreferrer\">Raportul de activitate&nbsp;al anului 2017<\/a><\/strong><\/li>\n<li><strong><a href=\"http:\/\/autismancaar.ro\/ro\/wp-content\/uploads\/2017\/01\/RAPORT-DE-ACTIVITATE-2016.pdf\" target=\"_blank\" rel=\"noopener noreferrer\">Raportul de activitate&nbsp;al anului 2016<\/a><\/strong><\/li>\n<li><strong><a href=\"http:\/\/autismancaar.ro\/ro\/wp-content\/uploads\/2011\/03\/RAPORT-DE-ACTIVITATE-2015.pdf\" target=\"_blank\" rel=\"noopener noreferrer\">Raportul de activitate&nbsp;al anului 2015<\/a><\/strong><\/li>\n<li><strong><a href=\"http:\/\/autismancaar.ro\/ro\/wp-content\/uploads\/2011\/03\/raport2014.pdf\">Raportul de activitate al anului 2014<\/a><\/strong><\/li>\n<li><strong><a href=\"http:\/\/autismancaar.ro\/ro\/wp-content\/uploads\/2011\/03\/raport2013.pdf\">Raportul de activitate al anului 2013<\/a><\/strong><\/li>\n<li><strong><a href=\"http:\/\/autismancaar.ro\/ro\/wp-content\/uploads\/2011\/03\/raport-20121.pdf\">Raportul de activitate al anului 2012<\/a><\/strong><\/li>\n<li><strong><a href=\"http:\/\/autismancaar.ro\/ro\/wp-content\/fisiere\/raport-2011.pdf\" target=\"_blank\" rel=\"noopener noreferrer\">Raportul de activitate al anului 2011 <\/a><\/strong><\/li>\n<\/ul>\n<p>\u00cenc\u0103 din 1991 ANCAAR ap\u0103r\u0103 interesele persoanei cu autism \u0219i promoveaz\u0103 rezultatele acesteia \u00een scopul unei integr\u0103ri sociale reale ale acesteia. Au fost ani frumo\u0219i, plini de \u00eencerc\u0103ri dar cu multe reu\u0219ite. S-a c\u0103utat numai informa\u021bia corect\u0103, s-au str\u00e2ns date valoroase, s-au efectuat preg\u0103tiri \u00een domeniu \u0219i ulterior s-a implementat o abordare unic\u0103, la acel moment \u00een Rom\u00e2nia.<\/p>\n<p><strong><em>\u00cencet, \u00eencet, asocia\u021bia a devenit resurs\u0103 pentru persoanele aflate \u00een nevoie \u0219i un nou \u00eenceput pentru mul\u021bi.<\/em><\/strong><\/p>\n<p>Din dorin\u021ba de mai bine, a ap\u0103rut Campania Na\u021bional\u0103 Omul din Spatele Autismului sub umbrela c\u0103reia simpozioane, form\u0103ri, evenimente culturale, conferin\u021be anuale ce reunesc speciali\u0219ti autohtoni \u0219i de peste hotare au fost \u0219i sunt organizate \u00een continuare. Prin aceasta mi\u0219care, s-au dechis por\u021bi, s-au creat leg\u0103turi, ne-am f\u0103cut v\u0103zu\u021bi \u00een societatea rom\u00e2neasc\u0103. &nbsp;<\/p>\n<p><strong><em>Crezul asocia\u021biei- Orice persoan\u0103 poate fi valorificat\u0103!- a stat ca baz\u0103 pentru orice ac\u021biune iar rezultatele ob\u021binute au fost f\u0103cute cunoscute pentru a lupta cu imaginea public\u0103 pr\u0103fuit\u0103 a autismului \u00eentr-o lume \u00een continu\u0103 schimbare. <\/em><\/strong><\/p>\n<p>\u00cen paralel, membrii ANCAAR au participat la \u00eent\u00e2lniri \u0219i la diverse lucr\u0103ri \u0219i consult\u0103ri ale autorit\u0103\u021bilor cu societatea civil\u0103 \u00een calitate de reprezentant al ONG-urilor din domeniu, din nevoia de implicare, de schimbare. Echipa asocia\u021biei a oferit toate informa\u021biile solicitate, a participat activ \u0219i a r\u0103spuns pozitiv la orice ac\u021biune bine inten\u021bionat\u0103. Comunicarea func\u021bional\u0103 cu autorit\u0103\u021bile a fost mereu o prioritate iar rezultatele sunt vizibile.<\/p>\n<p>Implica\u021bi \u00een diversele activit\u0103\u021bi ale asocia\u021biei, mul\u021bi speciali\u0219ti \u0219i-au dat concursul \u0219i s-au perfec\u021bionat, de-a lungul anilor. Creativitatea speciali\u0219tilor a fost pus\u0103 des la \u00eencercare, cuno\u0219tin\u021bele fiind doar baza procesului terapeutic propus. De altfel, preg\u0103tirea de excep\u021bie \u0219i experien\u021ba c\u00e2\u0219tigat\u0103 a acestora se poate observa \u00een roadele ob\u021binute \u0219i \u00een traseul profesional ascendent. Mul\u021bi studen\u021bi practicieni, cursan\u021bi sau voluntari ai ANCAAR din trecut, azi sunt profesioni\u0219ti de excep\u021bie, coordonatori renumi\u021bi sau chiar conduc\u0103tori de organiza\u021bii puternice din domeniu. \u00cen lucrarea Omul din Spatele Autismului, publicat\u0103 2017, \u00een Bucure\u0219ti, se reg\u0103sesc o mare parte din ac\u021biunile asocia\u021biei ce oglindesc implicarea activ\u0103 a multor oameni cu bun\u0103credin\u021b\u0103.<\/p>\n<p>\u00cen prezent, publica\u021bii valoroase, create de c\u0103tre membrii echipei, sau traduceri \u00een exclusivitate ale lucr\u0103rilor de specialitate duc informa\u021bia de calitate \u00een casa celor ce o caut\u0103. Aceste lucr\u0103ri oglindesc activitatea ne\u00eentrerupt\u0103 \u0219i concentrarea pe nevoile persoanei cu autism. Proiectele desf\u0103\u0219urate au dat na\u0219tere la ghiduri de interven\u021bie complexe ce oglindesc viziunea speciali\u0219tilor asocia\u021biei \u0219i rezultate concrete la programele desf\u0103\u0219urate.<\/p>\n<p>Programele de ateliere de terapie ocupa\u021bional\u0103, testare voca\u021bional\u0103, preg\u0103tire de preprofesionalizare precum \u0219i profesionalizarea adul\u021bilor cu autism ofer\u0103 produse concrete ce pot fi admirate \u0219i achizi\u021bionate la orice eveniment al asocia\u021biei, precum \u0219i la expozi\u021biile de produse handmade g\u0103zduite de institu\u021biile partenere. ANCAAR a surprins de multe ori societatea cu acest tablou diferit al persoanei cu autism-cea care poate \u0219i realizeaz\u0103 lucruri, cea care poate fi valoroas\u0103 semenilor s\u0103i.<\/p>\n<p>Toate aceste realiz\u0103ri se datoreaz\u0103 autodisciplinei de care echipa asocia\u021biei a dat dovad\u0103, ghidat\u0103 de un coordonator cu t\u0103rie de caracter dar \u0219i a implic\u0103rii membrilor societ\u0103\u021bii \u00een toate demersurile f\u0103cute. Astfel, s-au g\u0103sit oameni dornici de implicare \u0219i s-a c\u0103utat atingerea obiectivelor f\u0103r\u0103 a repro\u0219a societ\u0103\u021bii lipsa de \u0219anse sau nerespectarea drepturilor.<\/p>\n<p>Mediatizarea valorii persoanelor cu autism a adus cu sine cre\u0219terea oportunit\u0103\u021bilor de integrare social\u0103 \u0219i de toleran\u021ba fa\u021b\u0103 de familiile acestora<strong>. Iar azi, stigma nu mai doare at\u00e2t de tare! <\/strong>Fiecare pas devine un c\u00e2\u0219tig \u0219i fiecare activitate aduce \u00eenc\u0103 o pagin\u0103 pove\u0219tii accept\u0103rii \u0219i con\u0219tientiz\u0103rii autismului \u00een Rom\u00e2nia.<\/p>\n<p>\u00cen cazul \u00een care dore\u0219ti s\u0103 faci parte din acest\u0103 poveste, ne po\u021bi sus\u021bine prin dona\u021bii \u00een contul asocia\u021biei, pe care \u00eel mediatizam \u00een materialele noastre, prin participare la evenimentele noastre sau prin mediatizarea activit\u0103\u021bilor noastre.<\/p>\n<p>P\u00e2n\u0103 atunci, vreau s\u0103 \u0219tii c\u0103:<\/p>\n<p><strong><em>Persoana din Spectrul Autist este acel om care necesit\u0103 metode adaptate, dar poate atinge performan\u021be nea\u0219teptate! <\/em><\/strong><\/p>\n<p><strong><em>Este acel om, care de cele mai multe ori, \u00ee\u0219i dep\u0103\u0219e\u0219te limitele ridic\u00e2ndu-se la a\u0219tept\u0103rile noastre!<\/em><\/strong><\/p>\n<p><strong><em>Acest OM nu este un om bolnav, ci este acel Om cu anumite particularit\u0103\u021bi!<\/em><\/strong><\/p>\n<p style=\"text-align: right;\"><strong><em>&nbsp;<\/em><\/strong><em>Andreea Ognean, Psiholog Clinician<\/em><\/p>\n","protected":false},"excerpt":{"rendered":"<p>Raportul de activitate al anului 2024 Raportul de activitate al anului 2023 Raportul de activitate al anului 2022 Raportul de activitate al anului 2021 Raportul de activitate al anului 2020 Raportul de activitate al anului 2019 Raportul de activitate al anului 2018 Raportul de activitate&nbsp;al anului 2017 Raportul de activitate&nbsp;al anului 2016 Raportul de activitate&nbsp;al [&hellip;]<\/p>\n","protected":false},"author":2,"featured_media":0,"parent":6,"menu_order":0,"comment_status":"open","ping_status":"closed","template":"","meta":{"ngg_post_thumbnail":0,"footnotes":""},"class_list":["post-100","page","type-page","status-publish","hentry"],"_links":{"self":[{"href":"https:\/\/autismancaar.ro\/ro\/wp-json\/wp\/v2\/pages\/100","targetHints":{"allow":["GET"]}}],"collection":[{"href":"https:\/\/autismancaar.ro\/ro\/wp-json\/wp\/v2\/pages"}],"about":[{"href":"https:\/\/autismancaar.ro\/ro\/wp-json\/wp\/v2\/types\/page"}],"author":[{"embeddable":true,"href":"https:\/\/autismancaar.ro\/ro\/wp-json\/wp\/v2\/users\/2"}],"replies":[{"embeddable":true,"href":"https:\/\/autismancaar.ro\/ro\/wp-json\/wp\/v2\/comments?post=100"}],"version-history":[{"count":17,"href":"https:\/\/autismancaar.ro\/ro\/wp-json\/wp\/v2\/pages\/100\/revisions"}],"predecessor-version":[{"id":3887,"href":"https:\/\/autismancaar.ro\/ro\/wp-json\/wp\/v2\/pages\/100\/revisions\/3887"}],"up":[{"embeddable":true,"href":"https:\/\/autismancaar.ro\/ro\/wp-json\/wp\/v2\/pages\/6"}],"wp:attachment":[{"href":"https:\/\/autismancaar.ro\/ro\/wp-json\/wp\/v2\/media?parent=100"}],"curies":[{"name":"wp","href":"https:\/\/api.w.org\/{rel}","templated":true}]}}