{"id":1692,"date":"2013-12-09T05:23:07","date_gmt":"2013-12-09T05:23:07","guid":{"rendered":"http:\/\/autismancaar.ro\/?page_id=1692"},"modified":"2015-05-22T12:43:50","modified_gmt":"2015-05-22T12:43:50","slug":"ateliere-ocupationale-pentru-persoane-cu-autism","status":"publish","type":"page","link":"https:\/\/autismancaar.ro\/ro\/misiunea-ancaar\/ateliere-ocupationale-pentru-persoane-cu-autism\/","title":{"rendered":"Ateliere ocupationale pentru persoane cu autism"},"content":{"rendered":"<p><b>Atelierele ocupa\u0163ionale ANCAAR<\/b>\u00a0au pornit de la una din cele mai stringente probleme cu care se confrunt\u0103 persoanele cu TSA, adic\u0103 excluziunea social\u0103 datorat\u0103 lipsei programelor de educa\u0163ie adaptate nevoilor lor, specifice pentru fiecare etap\u0103 a dezvolt\u0103rii acestora.<\/p>\n<p><a href=\"http:\/\/autismancaar.ro\/ro\/wp-content\/uploads\/2013\/12\/atelier-af.jpg\"><img loading=\"lazy\" decoding=\"async\" class=\"alignleft size-medium wp-image-1694\" src=\"http:\/\/autismancaar.ro\/ro\/wp-content\/uploads\/2013\/12\/atelier-af-300x232.jpg\" alt=\"atelier af\" width=\"300\" height=\"232\" srcset=\"https:\/\/autismancaar.ro\/ro\/wp-content\/uploads\/2013\/12\/atelier-af-300x232.jpg 300w, https:\/\/autismancaar.ro\/ro\/wp-content\/uploads\/2013\/12\/atelier-af.jpg 1024w\" sizes=\"auto, (max-width: 300px) 100vw, 300px\" \/><\/a>Atelierele se adreseaz\u0103 at\u00e2t \u00eencep\u0103torilor c\u00e2t \u015fi celor care de-a lungul anilor, au achizi\u0163ionat compenten\u0163e, \u015fi-au dezvoltat abilit\u0103\u0163i \u015fi talente, dar nu au unde s\u0103 se exprime, unde s\u0103 foloseasc\u0103 deprinderele dob\u00e2ndite pentru astfel de activit\u0103\u0163i.<\/p>\n<p>\u00cen mod frecvent tinerii \u015fi adul\u0163ii cu TSA nu pot participa activ \u00een societate. Majoritatea nu au acces la programe de educa\u0163ie formal\u0103, informal\u0103 \u015fi de training. Sunt dependen\u0163i de protec\u0163ia social\u0103 pe care le-o acord\u0103 statul \u00eentrucat nu au acces la un loc de munc\u0103 \u015fi nici modalit\u0103\u0163i s\u0103 se poat\u0103 autosus\u0163ine.<\/p>\n<p>Sunt persoane care au absolvit sau nu, \u015fcoli ajut\u0103roare sau normale, dar cu siguran\u0163\u0103 au urmat ani de terapie, prin suportul exclusiv al familiilor..<\/p>\n<p>Atelierele au demarat la \u00eenceputul lunii septembrie 2013 \u015fi \u00een scurt timp rezultatele\u00a0<b>\u00a0<\/b>dovedesc din nou c\u0103 persoanele cu TSA pot \u00eenv\u0103\u0163a, dac\u0103 beneficiaz\u0103 de programe adaptate nevoilor lor. \u00a0Mai mult, ei sunt \u00a0capabili s\u0103 produc\u0103.<\/p>\n<p>\u00cen cadrul acestor ateliere participan\u0163ii au ocazia s\u0103 creeze obiecte decorative, prin intermediul diferitelor tehnici de decorare \u015fi crea\u0163ie: pictur\u0103 pe p\u00e2nz\u0103, pictur\u0103 pe sticl\u0103, pictur\u0103 pe lemn, quilling, modelaj, mulaj, \u0163es\u0103torie, crea\u0163ie bijuterii \u015fi ornamente din diferite materiale (m\u0103rgele, piele,\u00a0tricotaje), etc.<\/p>\n<p>Produsele\u00a0 rezultate \u00een urma activit\u0103\u0163ilor desf\u0103\u015furate vor da feed-back-ul procesului lucrativ d\u00e2nd satisfac\u0163ie \u015fi contribuind la cre\u015fterea\u00a0 stimei\u00a0 de sine a persoanelor implicate. Aceste\u00a0 produse pot fi generatoare de resurse financiare, care sunt\u00a0investite \u00een dezvoltarea acestor ateliere care, vor fi baza unei viitoare intreprinderi sociale.<\/p>\n<p><b><i>\u00a0V\u0103 invit\u0103m s\u0103 ne vizita\u0163i la noi acas\u0103, \u00een Intrarea Precupe\u021bii Vechi num\u0103rul 9, sector 2, Bucure\u0219ti\u00a0(\u00een zona Bucur Obor- Mo\u0219ilor), unde v\u0103 a\u015ftept\u0103m cu drag, s\u0103 ne c\u0103lca\u0163i pragul \u00a0pentru o adevarat\u0103 lec\u0163ie de toleran\u0163\u0103, echilibru \u015fi non-discriminare.<\/i><\/b><\/p>\n","protected":false},"excerpt":{"rendered":"<p>Atelierele ocupa\u0163ionale ANCAAR\u00a0au pornit de la una din cele mai stringente probleme cu care se confrunt\u0103 persoanele cu TSA, adic\u0103 excluziunea social\u0103 datorat\u0103 lipsei programelor de educa\u0163ie adaptate nevoilor lor, specifice pentru fiecare etap\u0103 a dezvolt\u0103rii acestora. Atelierele se adreseaz\u0103 at\u00e2t \u00eencep\u0103torilor c\u00e2t \u015fi celor care de-a lungul anilor, au achizi\u0163ionat compenten\u0163e, \u015fi-au dezvoltat abilit\u0103\u0163i [&hellip;]<\/p>\n","protected":false},"author":1,"featured_media":0,"parent":6,"menu_order":0,"comment_status":"open","ping_status":"open","template":"","meta":{"ngg_post_thumbnail":0,"footnotes":""},"class_list":["post-1692","page","type-page","status-publish","hentry"],"_links":{"self":[{"href":"https:\/\/autismancaar.ro\/ro\/wp-json\/wp\/v2\/pages\/1692","targetHints":{"allow":["GET"]}}],"collection":[{"href":"https:\/\/autismancaar.ro\/ro\/wp-json\/wp\/v2\/pages"}],"about":[{"href":"https:\/\/autismancaar.ro\/ro\/wp-json\/wp\/v2\/types\/page"}],"author":[{"embeddable":true,"href":"https:\/\/autismancaar.ro\/ro\/wp-json\/wp\/v2\/users\/1"}],"replies":[{"embeddable":true,"href":"https:\/\/autismancaar.ro\/ro\/wp-json\/wp\/v2\/comments?post=1692"}],"version-history":[{"count":3,"href":"https:\/\/autismancaar.ro\/ro\/wp-json\/wp\/v2\/pages\/1692\/revisions"}],"predecessor-version":[{"id":2283,"href":"https:\/\/autismancaar.ro\/ro\/wp-json\/wp\/v2\/pages\/1692\/revisions\/2283"}],"up":[{"embeddable":true,"href":"https:\/\/autismancaar.ro\/ro\/wp-json\/wp\/v2\/pages\/6"}],"wp:attachment":[{"href":"https:\/\/autismancaar.ro\/ro\/wp-json\/wp\/v2\/media?parent=1692"}],"curies":[{"name":"wp","href":"https:\/\/api.w.org\/{rel}","templated":true}]}}