{"id":6,"date":"2011-03-12T13:47:27","date_gmt":"2011-03-12T13:47:27","guid":{"rendered":"http:\/\/autismancaar.ro\/?page_id=6"},"modified":"2016-02-01T12:53:32","modified_gmt":"2016-02-01T12:53:32","slug":"misiunea-ancaar","status":"publish","type":"page","link":"https:\/\/autismancaar.ro\/ro\/misiunea-ancaar\/","title":{"rendered":"ANCAAR"},"content":{"rendered":"<p><strong>A<\/strong>SOCIA\u0162IA <strong>N<\/strong>A\u0162IONAL\u0102 PENTRU <strong>C<\/strong>OPII \u015eI <strong>A<\/strong>DUL\u0162I CU <strong>A<\/strong>UTISM DIN <strong>R<\/strong>OM\u00c2NIA este o organiza\u0163ie neguvernamental\u0103 care a luat fiin\u0163\u0103 prin reorganizarea la 23.03.2001 a Asocia\u0163iei Na\u0163ionale pentru Copii cu Autism din Rom\u00e2nia, \u00eenfiin\u0163at\u0103 la 4.01.1991 . Misiunea asocia\u0163iei este \u00eembun\u0103t\u0103\u0163irea vie\u0163ii persoanelor cu autism \u015fi a familiilor acestora. Asocia\u0163ia desf\u0103\u015foar\u0103 programe de consultan\u0163\u0103, de dezvoltare individual\u0103 \u015fi de suport familial, de educare \u015fi de integrare, toate \u00een scopul promov\u0103rii cu demnitate a drepturilor persoanelor cu autism.<\/p>\n<p>Asocia\u0163ia desf\u0103\u015foar\u0103 <a href=\"http:\/\/autismancaar.ro\/ro\/misiunea-ancaar\/activitatea-asociatiei\/\">activitatea <\/a>pe grupuri de lucru, structurat\u0103 \u00een programe coordonate de voluntari \u015fi sus\u0163inute financiar prin sponsoriz\u0103ri \u015fi cotiza\u0163ii ale p\u0103rin\u0163ilor. Consiliul Director al Asocia\u0163iei este format din \u0219apte\u00a0membri (\u0219ase p\u0103rin\u0163i \u015fi un profesionist). Consiliul Director se \u00eentrune\u015fte cu regularitate pentru a discuta \u015fi a decide cu responsabilitate planificarea \u015fi desf\u0103\u015furarea programelor.<\/p>\n<p>Principalele obiective ale Asocia\u0163iei:<\/p>\n<ul>\n<li>S\u0103 promoveze \u00een beneficiul persoanelor cu autism toate tipurile de ac\u0163iuni, prin cooperarea dintre membrii asocia\u0163iei, p\u0103rin\u0163i \u015fi speciali\u015fti, \u00eentr-o viziune pluralist\u0103 \u015fi pluridisciplinar\u0103;<\/li>\n<li>S\u0103 exercite protejarea \u00een vederea evit\u0103rii tuturor neglijen\u0163elor \u015fi a abuzurilor asupra acestora;<\/li>\n<li>S\u0103 promoveze \u015fi s\u0103 confrunte experien\u0163ele de \u00eengrijire\/educare a acestor persoane, sprijinindu-le \u015fi populariz\u00e2ndu-le pe cele mai bune dintre acestea;<\/li>\n<li>S\u0103 promoveze cele mai eficiente modalit\u0103\u0163i de \u00eengrijire, educa\u0163ie, orientare, formare, integrare \u00een comunitate \u015fi, de asemenea, bun\u0103starea copiilor, a adolescen\u0163ilor \u015fi a adul\u0163ilor cu autism, pentru valorificarea \u015fi dezvoltarea maxim\u0103 a poten\u0163ialului acestora, astfel \u00eenc\u00e2t s\u0103 tr\u0103iasc\u0103 c\u00e2t mai independent posibil;<\/li>\n<li>S\u0103 promoveze o c\u00e2t mai larg\u0103 palet\u0103 de servicii de sprijinire a familiilor cu persoane cu autism pentru cre\u015fterea calit\u0103\u0163ii vie\u0163ii acestora;<\/li>\n<li>S\u0103 promoveze o tot mai bun\u0103 \u00een\u0163elegere a autismului \u00een r\u00e2ndul p\u0103rin\u0163ilor, al \u00eenso\u0163itorilor, al societ\u0103\u0163ii \u00een ansamblu, s\u0103 colaboreze \u015fi s\u0103 sprijine speciali\u015ftii din domeniul autismului;<\/li>\n<li>S\u0103 faciliteze persoanelor \u00een cauz\u0103 accesul la diagnostic \u015fi la o evaluare corect\u0103, c\u00e2t mai de devreme posibil;<\/li>\n<li>S\u0103 acorde sprijin tuturor tipurilor de cercetare \u015fi, mai ales , celor referitoare la diagnosticarea \u015fi interven\u0163ia precoce;<\/li>\n<li>S\u0103 dezvolte o baz\u0103 de informa\u0163ii despre autism, mai ales referitoare la cele mai recente cercet\u0103ri \u015fi experien\u0163e \u00een domeniu \u015fi s\u0103 favorizeze circula\u0163ia \u015fi r\u0103sp\u00e2ndirea acestora;<\/li>\n<li>S\u0103 str\u00e2ng\u0103 fonduri necesare pentru sus\u0163inerea activit\u0103\u0163ii asocia\u0163iei.<\/li>\n<\/ul>\n<p>ANCAAR are filiale \u00een zone importante al \u021b\u0103rii: ANCAAR ARGE\u0218, ANCAAR CONSTAN\u021aA, ANCAAR CRAIOVA, ANCAAR D\u00c2MBOVI\u021aA, ANCAAR FETE\u0218TI, ANCAAR IA\u0218I, ANCAAR PETRO\u0218ANI, ANCAAR VRANCEA.<\/p>\n<p>Asocia\u0163ia este membru \u00a0al Consiluilui Na\u021bional al Dizabilit\u0103\u021bii din Rom\u00e2nia (CNDR) \u0219i face parte din Consiliul Director al acestuia.<\/p>\n<p><a href=\"http:\/\/autismancaar.ro\/ro\/misiunea-ancaar\/activitatea-asociatiei\/\">Cite\u0219te<\/a> despre activitatea ANCAAR.<\/p>\n","protected":false},"excerpt":{"rendered":"<p>ASOCIA\u0162IA NA\u0162IONAL\u0102 PENTRU COPII \u015eI ADUL\u0162I CU AUTISM DIN ROM\u00c2NIA este o organiza\u0163ie neguvernamental\u0103 care a luat fiin\u0163\u0103 prin reorganizarea la 23.03.2001 a Asocia\u0163iei Na\u0163ionale pentru Copii cu Autism din Rom\u00e2nia, \u00eenfiin\u0163at\u0103 la 4.01.1991 . Misiunea asocia\u0163iei este \u00eembun\u0103t\u0103\u0163irea vie\u0163ii persoanelor cu autism \u015fi a familiilor acestora. Asocia\u0163ia desf\u0103\u015foar\u0103 programe de consultan\u0163\u0103, de dezvoltare individual\u0103 [&hellip;]<\/p>\n","protected":false},"author":2,"featured_media":0,"parent":0,"menu_order":1,"comment_status":"open","ping_status":"closed","template":"","meta":{"ngg_post_thumbnail":0,"footnotes":""},"class_list":["post-6","page","type-page","status-publish","hentry"],"_links":{"self":[{"href":"https:\/\/autismancaar.ro\/ro\/wp-json\/wp\/v2\/pages\/6","targetHints":{"allow":["GET"]}}],"collection":[{"href":"https:\/\/autismancaar.ro\/ro\/wp-json\/wp\/v2\/pages"}],"about":[{"href":"https:\/\/autismancaar.ro\/ro\/wp-json\/wp\/v2\/types\/page"}],"author":[{"embeddable":true,"href":"https:\/\/autismancaar.ro\/ro\/wp-json\/wp\/v2\/users\/2"}],"replies":[{"embeddable":true,"href":"https:\/\/autismancaar.ro\/ro\/wp-json\/wp\/v2\/comments?post=6"}],"version-history":[{"count":5,"href":"https:\/\/autismancaar.ro\/ro\/wp-json\/wp\/v2\/pages\/6\/revisions"}],"predecessor-version":[{"id":2340,"href":"https:\/\/autismancaar.ro\/ro\/wp-json\/wp\/v2\/pages\/6\/revisions\/2340"}],"wp:attachment":[{"href":"https:\/\/autismancaar.ro\/ro\/wp-json\/wp\/v2\/media?parent=6"}],"curies":[{"name":"wp","href":"https:\/\/api.w.org\/{rel}","templated":true}]}}